{"id":874,"date":"2024-09-20T14:01:09","date_gmt":"2024-09-20T12:01:09","guid":{"rendered":"https:\/\/birex.net\/?page_id=874"},"modified":"2024-09-20T15:33:20","modified_gmt":"2024-09-20T13:33:20","slug":"polityka-prywatnosci","status":"publish","type":"page","link":"https:\/\/birex.net\/index.php\/polityka-prywatnosci\/","title":{"rendered":"Polityka prywatno\u015bci"},"content":{"rendered":"<div class=\"wpb-content-wrapper\"><p>[vc_row][vc_column][vc_column_text css=&#8221;&#8221;]<\/p>\n<div class=\"wp-block-uagb-info-box uagb-block-47a479cd uagb-infobox__content-wrap uagb-infobox-icon-above-title uagb-infobox-image-valign-top\">\n<div class=\"uagb-ifb-content\">\n<p class=\"uagb-ifb-desc\">Zgodnie z art. 13 ust. 1 Rozporz\u0105dzenia Parlamentu Europejskiego i Rady (UE) 2016\/679 z dnia 27 kwietnia 2016 roku w sprawie ochrony os\u00f3b fizycznych w zwi\u0105zku z przetwarzaniem danych osobowych i w sprawie swobodnego przep\u0142ywu takich danych oraz uchylenia dyrektywy 95\/46\/WE (zwane dalej: RODO) informujemy, i\u017c:<\/p>\n<p>&nbsp;<\/p>\n<\/div>\n<\/div>\n<div class=\"wp-block-uagb-advanced-heading uagb-block-5eb02ff8\">\n<h3 class=\"uagb-heading-text\">Administratorem Twoich danych osobowych jest:<\/h3>\n<\/div>\n<p>&nbsp;<\/p>\n<p>BIREX Firma Us\u0142ugowo \u2013 Handlowa Rados\u0142aw Banaszy\u0144ski<\/p>\n<p>63-200 Jarocin, ul. T. Ko\u015bciuszki 16\/1,<\/p>\n<p>BIURO: 63-200 Jarocin, ul. Pozna\u0144ska 26<\/p>\n<ul>\n<li>email: <strong>rodo@birex.net<\/strong><\/li>\n<li>tel. +48 62 747 88 68<\/li>\n<li>fax +48 62 747 42 67<\/li>\n<\/ul>\n<div class=\"wp-block-uagb-info-box uagb-block-6110e3b3 uagb-infobox__content-wrap uagb-infobox-icon-above-title uagb-infobox-image-valign-top\">\n<div class=\"uagb-ifb-content\">\n<div class=\"uagb-ifb-title-wrap\"><\/div>\n<p class=\"uagb-ifb-desc\">Twoje dane osobowe przetwarzane b\u0119d\u0105 na podstawie art. 6 ust. 1 lit. a), b) oraz c) RODO w celu wystawienia faktury za \u015bwiadczenie us\u0142ug oferowanych przez Administratora oraz wykonania zawartej umowy a tak\u017ce wykonania ci\u0105\u017c\u0105cych na Administratorze obowi\u0105zk\u00f3w prawnych, obs\u0142ugi reklamacji i zg\u0142osze\u0144, wsparcia technicznego, ustalenia i obrony oraz dochodzenia roszcze\u0144, tworzenia zestawie\u0144, analiz i statystyk, weryfikacji wiarygodno\u015bci p\u0142atniczej, rozlicze\u0144 finansowych, w tym wystawienia dokument\u00f3w ksi\u0119gowych, oraz prowadzenia dokumentacji i sprawozdawczo\u015bci finansowej i podatkowej.<\/p>\n<p>&nbsp;<\/p>\n<\/div>\n<\/div>\n<div class=\"wp-block-uagb-info-box uagb-block-52fb09f1 uagb-infobox__content-wrap uagb-infobox-icon-above-title uagb-infobox-image-valign-top\">\n<div class=\"uagb-ifb-content\">\n<p class=\"uagb-ifb-desc\">Administrator mo\u017ce przekazywa\u0107 Twoje dane osobowe innym podmiotom na podstawie umowy powierzenia przetwarzania danych osobowych, w kt\u00f3rej gwarantujemy sobie mo\u017cliwo\u015b\u0107 kontroli poprawno\u015bci przetwarzania Twoich danych osobowych z obowi\u0105zuj\u0105cymi przepisami prawa.<\/p>\n<p>&nbsp;<\/p>\n<\/div>\n<\/div>\n<div class=\"wp-block-uagb-info-box uagb-block-97d86664 uagb-infobox__content-wrap uagb-infobox-icon-above-title uagb-infobox-image-valign-top\">\n<div class=\"uagb-ifb-content\">\n<p class=\"uagb-ifb-desc\">Twoje dane mog\u0105 by\u0107 przekazane nast\u0119puj\u0105cym podmiotom: firmom uczestnicz\u0105cych we wsparciu technicznym Administratora, firmom uczestnicz\u0105cych w procesie reklamacyjnym, firmom kurierskim oraz innym podmiotom uczestnicz\u0105cym w realizacji wykonania umowy oraz wystawiania faktury. Ponadto Administrator jest zobowi\u0105zany do przekazywania Twoich danych osobowych na podstawie bezwzgl\u0119dnie obowi\u0105zuj\u0105cych przepis\u00f3w prawa, w tym na \u017c\u0105danie uprawnionych s\u0105d\u00f3w, organ\u00f3w pa\u0144stwowych i instytucji.<\/p>\n<\/div>\n<\/div>\n<div class=\"wp-block-uagb-advanced-heading uagb-block-7a8e0822\">\n<h3><\/h3>\n<h3 class=\"uagb-heading-text\">Nie przewidujemy przekazywania Twoich danych do pa\u0144stw trzecich poza obszar Unii Europejskiej.<\/h3>\n<\/div>\n<div class=\"wp-block-uagb-info-box uagb-block-8e1ac11f uagb-infobox__content-wrap uagb-infobox-icon-above-title uagb-infobox-image-valign-top\">\n<div class=\"uagb-ifb-content\">\n<p class=\"uagb-ifb-desc\">Twoje dane b\u0119d\u0105 przechowywane na czas \u015bwiadczenia us\u0142ug, kt\u00f3rych jeste\u015b stron\u0105 a tak\u017ce po zako\u0144czeniu \u015bwiadczenia umowy do dnia up\u0142ywu terminu przedawnienia roszcze\u0144 z tytu\u0142u korzystania przez Ciebie z naszych us\u0142ug. Ponadto Twoje dane b\u0119d\u0105 przechowywane zgodnie z obowi\u0105zuj\u0105cymi przepisami prawa oraz przepisami podatkowymi, a w zakresie uzyskanych zg\u00f3d na przetwarzanie danych osobowych dane b\u0119d\u0119 przetwarzane do chwili wycofania zgody.<\/p>\n<p>&nbsp;<\/p>\n<\/div>\n<\/div>\n<div class=\"wp-block-uagb-info-box uagb-block-e7217c96 uagb-infobox__content-wrap uagb-infobox-icon-above-title uagb-infobox-image-valign-top\">\n<div class=\"uagb-ifb-content\">\n<p class=\"uagb-ifb-desc\">Z zastrze\u017ceniem ogranicze\u0144 wynikaj\u0105cych z RODO i innych przepis\u00f3w prawa, posiadasz prawo dost\u0119pu do tre\u015bci Swoich danych osobowych oraz prawo ich sprostowania, usuni\u0119cia, ograniczenia przetwarzania, prawo do przenoszenia danych osobowych je\u015bli s\u0105 przetwarzane w spos\u00f3b zautomatyzowany, prawo wniesienia sprzeciwu, a tak\u017ce prawo do cofni\u0119cia zgody w dowolnym momencie je\u017celi przetwarzanie odbywa si\u0119 na podstawie wyra\u017conej przez Ciebie zgody.<\/p>\n<p>&nbsp;<\/p>\n<\/div>\n<\/div>\n<div class=\"wp-block-uagb-info-box uagb-block-a86b6e69 uagb-infobox__content-wrap uagb-infobox-icon-above-title uagb-infobox-image-valign-top\">\n<div class=\"uagb-ifb-content\">\n<p class=\"uagb-ifb-desc\">Dok\u0142adamy wszelkich stara\u0144 aby Twoje dane by\u0142y przetwarzane zgodnie z prawem i z najwy\u017csz\u0105 staranno\u015bci\u0105. Je\u015bli masz jakie\u015b uwagi lub pytania zapraszamy do kontaktu. Jednak je\u015bli pomimo tego uwa\u017casz, \u017ce podczas przetwarzania Twoich danych zosta\u0142y naruszone przepisy RODO masz prawo wniesienia skargi do organu nadzoru w rozumieniu RODO.<\/p>\n<p>&nbsp;<\/p>\n<\/div>\n<\/div>\n<div class=\"wp-block-uagb-info-box uagb-block-d98c1c9a uagb-infobox__content-wrap uagb-infobox-icon-above-title uagb-infobox-image-valign-top\">\n<div class=\"uagb-ifb-content\">\n<p class=\"uagb-ifb-desc\">W zakresie niezb\u0119dnym do przygotowania umowy oraz \u015bwiadczenia us\u0142ug zgodnie z zawart\u0105 umow\u0105 oraz w zakresie niezb\u0119dnym do wype\u0142nienia przez Administratora ci\u0105\u017c\u0105cego na Administratorze obowi\u0105zku prawnego \u2013 przetwarzanie Twoich danych osobowych nast\u0119puje na podstawie przepisu prawa tj. art. 6 ust. 1 lit. b) oraz lit. c) RODO, bez konieczno\u015bci wyra\u017cenia przez Ciebie zgody na przetwarzanie Twoich danych osobowych. W pozosta\u0142ych przypadkach podanie przez Ciebie danych osobowych jest dobrowolne.<\/p>\n<p>&nbsp;<\/p>\n<\/div>\n<\/div>\n<div class=\"wp-block-uagb-info-box uagb-block-7cf96aaa uagb-infobox__content-wrap uagb-infobox-icon-above-title uagb-infobox-image-valign-top\">\n<div class=\"uagb-ifb-content\">\n<p class=\"uagb-ifb-desc\">Twoje dane nie b\u0119d\u0105 podlega\u0107 decyzji opartej wy\u0142\u0105cznie na zautomatyzowanym przetwarzaniu danych osobowych, w tym profilowaniu.<\/p>\n<\/div>\n<\/div>\n<p>[\/vc_column_text][\/vc_column][\/vc_row]<\/p>\n<\/div>","protected":false},"excerpt":{"rendered":"<p>[vc_row][vc_column][vc_column_text css=&#8221;&#8221;] Zgodnie z art. 13 ust. 1 Rozporz\u0105dzenia Parlamentu Europejskiego i Rady (UE) 2016\/679 z dnia 27 kwietnia 2016 roku w sprawie ochrony os\u00f3b fizycznych w zwi\u0105zku z przetwarzaniem danych osobowych i w sprawie swobodnego przep\u0142ywu takich danych oraz uchylenia dyrektywy 95\/46\/WE (zwane dalej: RODO) informujemy, i\u017c: &nbsp; Administratorem Twoich danych osobowych jest: &nbsp; [&hellip;]<\/p>\n","protected":false},"author":1,"featured_media":0,"parent":0,"menu_order":0,"comment_status":"closed","ping_status":"closed","template":"page-templates\/template-fullwidth.php","meta":{"footnotes":""},"class_list":["post-874","page","type-page","status-publish","hentry"],"yoast_head":"<!-- This site is optimized with the Yoast SEO plugin v23.5 - https:\/\/yoast.com\/wordpress\/plugins\/seo\/ -->\n<title>Polityka prywatno\u015bci - BIREX<\/title>\n<meta name=\"robots\" content=\"index, follow, max-snippet:-1, max-image-preview:large, max-video-preview:-1\" \/>\n<link rel=\"canonical\" href=\"https:\/\/birex.net\/index.php\/polityka-prywatnosci\/\" \/>\n<meta property=\"og:locale\" content=\"pl_PL\" \/>\n<meta property=\"og:type\" content=\"article\" \/>\n<meta property=\"og:title\" content=\"Polityka prywatno\u015bci - BIREX\" \/>\n<meta property=\"og:description\" content=\"[vc_row][vc_column][vc_column_text css=&#8221;&#8221;] Zgodnie z art. 13 ust. 1 Rozporz\u0105dzenia Parlamentu Europejskiego i Rady (UE) 2016\/679 z dnia 27 kwietnia 2016 roku w sprawie ochrony os\u00f3b fizycznych w zwi\u0105zku z przetwarzaniem danych osobowych i w sprawie swobodnego przep\u0142ywu takich danych oraz uchylenia dyrektywy 95\/46\/WE (zwane dalej: RODO) informujemy, i\u017c: &nbsp; Administratorem Twoich danych osobowych jest: &nbsp; [&hellip;]\" \/>\n<meta property=\"og:url\" content=\"https:\/\/birex.net\/index.php\/polityka-prywatnosci\/\" \/>\n<meta property=\"og:site_name\" content=\"BIREX\" \/>\n<meta property=\"article:modified_time\" content=\"2024-09-20T13:33:20+00:00\" \/>\n<meta name=\"twitter:card\" content=\"summary_large_image\" \/>\n<meta name=\"twitter:label1\" content=\"Szacowany czas czytania\" \/>\n\t<meta name=\"twitter:data1\" content=\"3 minuty\" \/>\n<script type=\"application\/ld+json\" class=\"yoast-schema-graph\">{\"@context\":\"https:\/\/schema.org\",\"@graph\":[{\"@type\":\"WebPage\",\"@id\":\"https:\/\/birex.net\/index.php\/polityka-prywatnosci\/\",\"url\":\"https:\/\/birex.net\/index.php\/polityka-prywatnosci\/\",\"name\":\"Polityka prywatno\u015bci - BIREX\",\"isPartOf\":{\"@id\":\"https:\/\/birex.net\/#website\"},\"datePublished\":\"2024-09-20T12:01:09+00:00\",\"dateModified\":\"2024-09-20T13:33:20+00:00\",\"breadcrumb\":{\"@id\":\"https:\/\/birex.net\/index.php\/polityka-prywatnosci\/#breadcrumb\"},\"inLanguage\":\"pl-PL\",\"potentialAction\":[{\"@type\":\"ReadAction\",\"target\":[\"https:\/\/birex.net\/index.php\/polityka-prywatnosci\/\"]}]},{\"@type\":\"BreadcrumbList\",\"@id\":\"https:\/\/birex.net\/index.php\/polityka-prywatnosci\/#breadcrumb\",\"itemListElement\":[{\"@type\":\"ListItem\",\"position\":1,\"name\":\"Strona g\u0142\u00f3wna\",\"item\":\"https:\/\/birex.net\/\"},{\"@type\":\"ListItem\",\"position\":2,\"name\":\"Polityka prywatno\u015bci\"}]},{\"@type\":\"WebSite\",\"@id\":\"https:\/\/birex.net\/#website\",\"url\":\"https:\/\/birex.net\/\",\"name\":\"BIREX Roz\u0142adunek wagon\u00f3w. Transport. Spedycja. Us\u0142ugi budowlane. Paliwa. Kruszywa.\",\"description\":\"STWORZENI DO ZADA\u0143 WAGI CI\u0118\u017bKIEJ\",\"publisher\":{\"@id\":\"https:\/\/birex.net\/#organization\"},\"potentialAction\":[{\"@type\":\"SearchAction\",\"target\":{\"@type\":\"EntryPoint\",\"urlTemplate\":\"https:\/\/birex.net\/?s={search_term_string}\"},\"query-input\":{\"@type\":\"PropertyValueSpecification\",\"valueRequired\":true,\"valueName\":\"search_term_string\"}}],\"inLanguage\":\"pl-PL\"},{\"@type\":\"Organization\",\"@id\":\"https:\/\/birex.net\/#organization\",\"name\":\"BIREX\",\"url\":\"https:\/\/birex.net\/\",\"logo\":{\"@type\":\"ImageObject\",\"inLanguage\":\"pl-PL\",\"@id\":\"https:\/\/birex.net\/#\/schema\/logo\/image\/\",\"url\":\"https:\/\/birex.net\/cms\/wp-content\/uploads\/2016\/05\/BIREX_logo-1.png\",\"contentUrl\":\"https:\/\/birex.net\/cms\/wp-content\/uploads\/2016\/05\/BIREX_logo-1.png\",\"width\":186,\"height\":35,\"caption\":\"BIREX\"},\"image\":{\"@id\":\"https:\/\/birex.net\/#\/schema\/logo\/image\/\"}}]}<\/script>\n<!-- \/ Yoast SEO plugin. -->","yoast_head_json":{"title":"Polityka prywatno\u015bci - BIREX","robots":{"index":"index","follow":"follow","max-snippet":"max-snippet:-1","max-image-preview":"max-image-preview:large","max-video-preview":"max-video-preview:-1"},"canonical":"https:\/\/birex.net\/index.php\/polityka-prywatnosci\/","og_locale":"pl_PL","og_type":"article","og_title":"Polityka prywatno\u015bci - BIREX","og_description":"[vc_row][vc_column][vc_column_text css=&#8221;&#8221;] Zgodnie z art. 13 ust. 1 Rozporz\u0105dzenia Parlamentu Europejskiego i Rady (UE) 2016\/679 z dnia 27 kwietnia 2016 roku w sprawie ochrony os\u00f3b fizycznych w zwi\u0105zku z przetwarzaniem danych osobowych i w sprawie swobodnego przep\u0142ywu takich danych oraz uchylenia dyrektywy 95\/46\/WE (zwane dalej: RODO) informujemy, i\u017c: &nbsp; Administratorem Twoich danych osobowych jest: &nbsp; [&hellip;]","og_url":"https:\/\/birex.net\/index.php\/polityka-prywatnosci\/","og_site_name":"BIREX","article_modified_time":"2024-09-20T13:33:20+00:00","twitter_card":"summary_large_image","twitter_misc":{"Szacowany czas czytania":"3 minuty"},"schema":{"@context":"https:\/\/schema.org","@graph":[{"@type":"WebPage","@id":"https:\/\/birex.net\/index.php\/polityka-prywatnosci\/","url":"https:\/\/birex.net\/index.php\/polityka-prywatnosci\/","name":"Polityka prywatno\u015bci - BIREX","isPartOf":{"@id":"https:\/\/birex.net\/#website"},"datePublished":"2024-09-20T12:01:09+00:00","dateModified":"2024-09-20T13:33:20+00:00","breadcrumb":{"@id":"https:\/\/birex.net\/index.php\/polityka-prywatnosci\/#breadcrumb"},"inLanguage":"pl-PL","potentialAction":[{"@type":"ReadAction","target":["https:\/\/birex.net\/index.php\/polityka-prywatnosci\/"]}]},{"@type":"BreadcrumbList","@id":"https:\/\/birex.net\/index.php\/polityka-prywatnosci\/#breadcrumb","itemListElement":[{"@type":"ListItem","position":1,"name":"Strona g\u0142\u00f3wna","item":"https:\/\/birex.net\/"},{"@type":"ListItem","position":2,"name":"Polityka prywatno\u015bci"}]},{"@type":"WebSite","@id":"https:\/\/birex.net\/#website","url":"https:\/\/birex.net\/","name":"BIREX Roz\u0142adunek wagon\u00f3w. Transport. Spedycja. Us\u0142ugi budowlane. Paliwa. Kruszywa.","description":"STWORZENI DO ZADA\u0143 WAGI CI\u0118\u017bKIEJ","publisher":{"@id":"https:\/\/birex.net\/#organization"},"potentialAction":[{"@type":"SearchAction","target":{"@type":"EntryPoint","urlTemplate":"https:\/\/birex.net\/?s={search_term_string}"},"query-input":{"@type":"PropertyValueSpecification","valueRequired":true,"valueName":"search_term_string"}}],"inLanguage":"pl-PL"},{"@type":"Organization","@id":"https:\/\/birex.net\/#organization","name":"BIREX","url":"https:\/\/birex.net\/","logo":{"@type":"ImageObject","inLanguage":"pl-PL","@id":"https:\/\/birex.net\/#\/schema\/logo\/image\/","url":"https:\/\/birex.net\/cms\/wp-content\/uploads\/2016\/05\/BIREX_logo-1.png","contentUrl":"https:\/\/birex.net\/cms\/wp-content\/uploads\/2016\/05\/BIREX_logo-1.png","width":186,"height":35,"caption":"BIREX"},"image":{"@id":"https:\/\/birex.net\/#\/schema\/logo\/image\/"}}]}},"_links":{"self":[{"href":"https:\/\/birex.net\/index.php\/wp-json\/wp\/v2\/pages\/874"}],"collection":[{"href":"https:\/\/birex.net\/index.php\/wp-json\/wp\/v2\/pages"}],"about":[{"href":"https:\/\/birex.net\/index.php\/wp-json\/wp\/v2\/types\/page"}],"author":[{"embeddable":true,"href":"https:\/\/birex.net\/index.php\/wp-json\/wp\/v2\/users\/1"}],"replies":[{"embeddable":true,"href":"https:\/\/birex.net\/index.php\/wp-json\/wp\/v2\/comments?post=874"}],"version-history":[{"count":13,"href":"https:\/\/birex.net\/index.php\/wp-json\/wp\/v2\/pages\/874\/revisions"}],"predecessor-version":[{"id":897,"href":"https:\/\/birex.net\/index.php\/wp-json\/wp\/v2\/pages\/874\/revisions\/897"}],"wp:attachment":[{"href":"https:\/\/birex.net\/index.php\/wp-json\/wp\/v2\/media?parent=874"}],"curies":[{"name":"wp","href":"https:\/\/api.w.org\/{rel}","templated":true}]}}